{"id":3838,"date":"2019-10-17T10:39:02","date_gmt":"2019-10-17T10:39:02","guid":{"rendered":"https:\/\/www.portimar.com\/?post_type=experiences&#038;p=3838"},"modified":"2021-09-15T15:37:30","modified_gmt":"2021-09-15T15:37:30","slug":"perolas-de-portugal","status":"publish","type":"experiences","link":"https:\/\/www.portimar.pt\/pt-pt\/experiences\/perolas-de-portugal\/","title":{"rendered":"P\u00e9rolas de Portugal"},"content":{"rendered":"\n<h2>Porto \u2022 Curia \u2022 Lisboa \u2022 Albufeira<\/h2>\n\n\n\n<h6>Do norte ao sul, uma viagem cheia de contrastes entre a hist\u00f3ria, o patrim\u00f3nio e a cultura das cidades, paisagens verdejantes e praias de cortar a respira\u00e7\u00e3o.<\/h6>\n\n\n\n<div class=\"wp-block-kobu-custom-blocks-responsive-spacer responsive-spacer size-medium\"><\/div>\n\n\n\n<div class=\"wp-block-kobu-custom-blocks-slider-gallery slider-gallery gallery-container hidden\"><div class=\"gallery\" role=\"list\"><div class=\"slide\" role=\"listitem\"><div class=\"figure-wrapper\" style=\"background-image:url(https:\/\/www.portimar.com\/files\/uploads\/2019\/10\/Porto_CapelaAlmas_shutterstock_471830093.jpg)\"><figure><img src=\"https:\/\/www.portimar.com\/files\/uploads\/2019\/10\/Porto_CapelaAlmas_shutterstock_471830093.jpg\" alt=\"\"\/><\/figure><\/div><\/div><div class=\"slide\" role=\"listitem\"><div class=\"figure-wrapper\" style=\"background-image:url(https:\/\/www.portimar.com\/files\/uploads\/2019\/10\/Centro_Fatima_shutterstock_570598606.jpg)\"><figure><img src=\"https:\/\/www.portimar.com\/files\/uploads\/2019\/10\/Centro_Fatima_shutterstock_570598606.jpg\" alt=\"\"\/><\/figure><\/div><\/div><div class=\"slide\" role=\"listitem\"><div class=\"figure-wrapper\" style=\"background-image:url(https:\/\/www.portimar.com\/files\/uploads\/2019\/10\/Porto_Catedral_shutterstock_581686957.jpg)\"><figure><img src=\"https:\/\/www.portimar.com\/files\/uploads\/2019\/10\/Porto_Catedral_shutterstock_581686957.jpg\" alt=\"\"\/><\/figure><\/div><\/div><div class=\"slide\" role=\"listitem\"><div class=\"figure-wrapper\" style=\"background-image:url(https:\/\/www.portimar.com\/files\/uploads\/2019\/10\/Centro_Coimbra_shutterstock_244762960.jpg)\"><figure><img src=\"https:\/\/www.portimar.com\/files\/uploads\/2019\/10\/Centro_Coimbra_shutterstock_244762960.jpg\" alt=\"\"\/><\/figure><\/div><\/div><\/div><\/div>\n\n\n\n<div class=\"wp-block-kobu-custom-blocks-responsive-spacer responsive-spacer size-medium\"><\/div>\n\n\n\n<h6 class=\"has-text-align-left\">Este pacote inclui<\/h6>\n\n\n\n<div class=\"wp-block-kobu-custom-blocks-responsive-spacer responsive-spacer size-small\"><\/div>\n\n\n\n<ul><li>10 Dias \/ 9 Noites<\/li><\/ul>\n\n\n\n<div class=\"wp-block-kobu-custom-blocks-responsive-spacer responsive-spacer size-small\"><\/div>\n\n\n\n<ul><li>Alojamento e Pequeno-Almo\u00e7o (hot\u00e9is selecionados)<\/li><\/ul>\n\n\n\n<div class=\"wp-block-kobu-custom-blocks-responsive-spacer responsive-spacer size-small\"><\/div>\n\n\n\n<ul><li>Bebida de Boas-Vindas \u00e0 Chegada (em cada hotel)<\/li><\/ul>\n\n\n\n<div class=\"wp-block-kobu-custom-blocks-responsive-spacer responsive-spacer size-small\"><\/div>\n\n\n\n<ul><li>4 Jantares (1 p\/ hotel, excluindo bebidas | reserva \u00e0 chegada)<\/li><\/ul>\n\n\n\n<div class=\"wp-block-kobu-custom-blocks-responsive-spacer responsive-spacer size-small\"><\/div>\n\n\n\n<ul><li>1 Bilhete p\/ o Blue Bus no Porto<\/li><\/ul>\n\n\n\n<div class=\"wp-block-kobu-custom-blocks-responsive-spacer responsive-spacer size-small\"><\/div>\n\n\n\n<ul><li>Visita \u00e0s Caves do Vinho do Porto com Prova de Vinhos<\/li><\/ul>\n\n\n\n<div class=\"wp-block-kobu-custom-blocks-responsive-spacer responsive-spacer size-small\"><\/div>\n\n\n\n<ul><li>1 Bilhete 24h Viva Viagem &#8211; Lisboa<\/li><\/ul>\n\n\n\n<div class=\"wp-block-kobu-custom-blocks-responsive-spacer responsive-spacer size-small\"><\/div>\n\n\n\n<ul><li>Estacionamento e Wi-Fi Gratuito nos Hot\u00e9is.<\/li><\/ul>\n\n\n\n<div class=\"wp-block-kobu-custom-blocks-responsive-spacer responsive-spacer size-medium\"><\/div>\n\n\n\n<figure class=\"wp-block-image\"><img loading=\"lazy\" width=\"1024\" height=\"683\" src=\"https:\/\/www.portimar.com\/files\/uploads\/2019\/10\/Porto_Electrico_shutterstock_128524085-1024x683.jpg\" alt=\"\" class=\"wp-image-3833\" srcset=\"https:\/\/www.portimar.pt\/files\/uploads\/2019\/10\/Porto_Electrico_shutterstock_128524085-1024x683.jpg 1024w, https:\/\/www.portimar.pt\/files\/uploads\/2019\/10\/Porto_Electrico_shutterstock_128524085-300x200.jpg 300w, https:\/\/www.portimar.pt\/files\/uploads\/2019\/10\/Porto_Electrico_shutterstock_128524085-768x512.jpg 768w, https:\/\/www.portimar.pt\/files\/uploads\/2019\/10\/Porto_Electrico_shutterstock_128524085.jpg 1500w\" sizes=\"(max-width: 1024px) 100vw, 1024px\" \/><\/figure>\n\n\n\n<div class=\"wp-block-kobu-custom-blocks-responsive-spacer responsive-spacer size-medium\"><\/div>\n\n\n\n<h6 class=\"has-text-align-left\">Itiner\u00e1rio<\/h6>\n\n\n\n<div class=\"wp-block-kobu-custom-blocks-responsive-spacer responsive-spacer size-small\"><\/div>\n\n\n\n<p><strong>1\u00ba Dia<\/strong> \u2013 Chegada ao Porto. Alojamento no Hotel HF Ipanema Park 4* ou similar (2 noites).<\/p>\n\n\n\n<div class=\"wp-block-kobu-custom-blocks-responsive-spacer responsive-spacer size-small\"><\/div>\n\n\n\n<p><strong>2\u00ba Dia<\/strong> \u2013 Dia para descobrir a cidade a bordo do Blue Bus. O bilhete permite-lhe visitar os locais mais emblem\u00e1ticos da cidade, tais como o centro hist\u00f3rico, Patrim\u00f3nio da Unesco, incluindo a t\u00edpica zona da Ribeira.<\/p>\n\n\n\n<p>Por \u00faltimo, atravesse o rio e, j\u00e1 em Gaia, visite as Caves e termine com uma degusta\u00e7\u00e3o dos c\u00e9lebres vinhos do Porto.<\/p>\n\n\n\n<div class=\"wp-block-kobu-custom-blocks-responsive-spacer responsive-spacer size-small\"><\/div>\n\n\n\n<p><strong>3\u00ba Dia<\/strong> \u2013 Sa\u00edda em dire\u00e7\u00e3o a Curia. Alojamento no Curia Palace Hotel Spa &amp; Golf 4* ou similar (1 noite).&nbsp;<\/p>\n\n\n\n<div class=\"wp-block-kobu-custom-blocks-responsive-spacer responsive-spacer size-small\"><\/div>\n\n\n\n<p><strong>4\u00ba Dia<\/strong> \u2013 Rumo a Lisboa, pode aproveitar para conhecer Coimbra, onde foi fundada a primeira Universidade em Portugal, sendo tamb\u00e9m uma das mais antigas da Europa.<\/p>\n\n\n\n<p>Chegada a Lisboa. Alojamento no Hotel HF F\u00e9nix Lisboa 4* ou similar (3 noites).<\/p>\n\n\n\n<div class=\"wp-block-kobu-custom-blocks-responsive-spacer responsive-spacer size-small\"><\/div>\n\n\n\n<p><strong>5\u00ba &amp; 6\u00ba Dia<\/strong> \u2013 Dias para explorar a capital, mais conhecida pela cidade das sete colinas. Aproveite para visitar a zona de Bel\u00e9m (Mosteiro dos Jer\u00f3nimos, Padr\u00e3o dos Descobrimentos e Torre de Bel\u00e9m e\/ou o Parque das Na\u00e7\u00f5es (Ocean\u00e1rio).&nbsp;<\/p>\n\n\n\n<div class=\"wp-block-kobu-custom-blocks-responsive-spacer responsive-spacer size-small\"><\/div>\n\n\n\n<p><strong>7\u00ba Dia<\/strong> \u2013 Sa\u00edda de Lisboa rumo a Albufeira, Algarve. Alojamento no Alpinus Hotel 4* ou similar (3 noites).<\/p>\n\n\n\n<div class=\"wp-block-kobu-custom-blocks-responsive-spacer responsive-spacer size-small\"><\/div>\n\n\n\n<p><strong>8\u00ba &amp; 9\u00ba Dia<\/strong> \u2013 Dias para explorar o Algarve, as suas belas praias e a gastronomia rica em peixe e marisco.&nbsp;<\/p>\n\n\n\n<div class=\"wp-block-kobu-custom-blocks-responsive-spacer responsive-spacer size-small\"><\/div>\n\n\n\n<p><strong>10\u00ba Dia<\/strong> \u2013 Fim da viagem \/ Partida.<\/p>\n\n\n\n<div class=\"wp-block-kobu-custom-blocks-responsive-spacer responsive-spacer size-medium\"><\/div>\n\n\n\n<p><strong>Para mais informa\u00e7\u00f5es ou reserva, contacte o nosso Call Center.<\/strong><\/p>\n","protected":false},"excerpt":{"rendered":"<p>Porto \u2022 Curia \u2022 Lisboa \u2022 Albufeira Do norte ao sul, uma viagem cheia de contrastes entre a hist\u00f3ria, o patrim\u00f3nio e a cultura das cidades, paisagens verdejantes e praias de cortar a respira\u00e7\u00e3o. Este pacote inclui 10 Dias \/ 9 Noites Alojamento e Pequeno-Almo\u00e7o (hot\u00e9is selecionados) Bebida de Boas-Vindas \u00e0 Chegada (em cada hotel) [&hellip;]<\/p>\n","protected":false},"featured_media":3821,"menu_order":0,"template":"","categories":[3],"tags":[],"_links":{"self":[{"href":"https:\/\/www.portimar.pt\/pt-pt\/wp-json\/wp\/v2\/experiences\/3838"}],"collection":[{"href":"https:\/\/www.portimar.pt\/pt-pt\/wp-json\/wp\/v2\/experiences"}],"about":[{"href":"https:\/\/www.portimar.pt\/pt-pt\/wp-json\/wp\/v2\/types\/experiences"}],"version-history":[{"count":7,"href":"https:\/\/www.portimar.pt\/pt-pt\/wp-json\/wp\/v2\/experiences\/3838\/revisions"}],"predecessor-version":[{"id":5483,"href":"https:\/\/www.portimar.pt\/pt-pt\/wp-json\/wp\/v2\/experiences\/3838\/revisions\/5483"}],"wp:featuredmedia":[{"embeddable":true,"href":"https:\/\/www.portimar.pt\/pt-pt\/wp-json\/wp\/v2\/media\/3821"}],"wp:attachment":[{"href":"https:\/\/www.portimar.pt\/pt-pt\/wp-json\/wp\/v2\/media?parent=3838"}],"wp:term":[{"taxonomy":"category","embeddable":true,"href":"https:\/\/www.portimar.pt\/pt-pt\/wp-json\/wp\/v2\/categories?post=3838"},{"taxonomy":"post_tag","embeddable":true,"href":"https:\/\/www.portimar.pt\/pt-pt\/wp-json\/wp\/v2\/tags?post=3838"}],"curies":[{"name":"wp","href":"https:\/\/api.w.org\/{rel}","templated":true}]}}